{"version":"1.0","provider_name":"LACKMAN &amp; CO.","provider_url":"https:\/\/lackman.com.br","author_name":"Gilberto Evangelista - Colunista","author_url":"https:\/\/lackman.com.br\/index.php\/author\/gilberto-brito\/","title":"Partiu 2a edi\u00e7\u00e3o do Acelera Bras\u00edlia! - LACKMAN &amp; CO.","type":"rich","width":600,"height":338,"html":"<blockquote class=\"wp-embedded-content\" data-secret=\"KRTc0S9dUZ\"><a href=\"https:\/\/lackman.com.br\/index.php\/2025\/10\/15\/partiu-2a-edicao-do-acelera-brasilia\/\">Partiu 2a edi\u00e7\u00e3o do Acelera Bras\u00edlia!<\/a><\/blockquote><iframe sandbox=\"allow-scripts\" security=\"restricted\" src=\"https:\/\/lackman.com.br\/index.php\/2025\/10\/15\/partiu-2a-edicao-do-acelera-brasilia\/embed\/#?secret=KRTc0S9dUZ\" width=\"600\" height=\"338\" title=\"&#8220;Partiu 2a edi\u00e7\u00e3o do Acelera Bras\u00edlia!&#8221; &#8212; LACKMAN &amp; CO.\" data-secret=\"KRTc0S9dUZ\" frameborder=\"0\" marginwidth=\"0\" marginheight=\"0\" scrolling=\"no\" class=\"wp-embedded-content\"><\/iframe><script>\n\/*! This file is auto-generated *\/\n!function(d,l){\"use strict\";l.querySelector&&d.addEventListener&&\"undefined\"!=typeof URL&&(d.wp=d.wp||{},d.wp.receiveEmbedMessage||(d.wp.receiveEmbedMessage=function(e){var t=e.data;if((t||t.secret||t.message||t.value)&&!\/[^a-zA-Z0-9]\/.test(t.secret)){for(var s,r,n,a=l.querySelectorAll('iframe[data-secret=\"'+t.secret+'\"]'),o=l.querySelectorAll('blockquote[data-secret=\"'+t.secret+'\"]'),c=new RegExp(\"^https?:$\",\"i\"),i=0;i<o.length;i++)o[i].style.display=\"none\";for(i=0;i<a.length;i++)s=a[i],e.source===s.contentWindow&&(s.removeAttribute(\"style\"),\"height\"===t.message?(1e3<(r=parseInt(t.value,10))?r=1e3:~~r<200&&(r=200),s.height=r):\"link\"===t.message&&(r=new URL(s.getAttribute(\"src\")),n=new URL(t.value),c.test(n.protocol))&&n.host===r.host&&l.activeElement===s&&(d.top.location.href=t.value))}},d.addEventListener(\"message\",d.wp.receiveEmbedMessage,!1),l.addEventListener(\"DOMContentLoaded\",function(){for(var e,t,s=l.querySelectorAll(\"iframe.wp-embedded-content\"),r=0;r<s.length;r++)(t=(e=s[r]).getAttribute(\"data-secret\"))||(t=Math.random().toString(36).substring(2,12),e.src+=\"#?secret=\"+t,e.setAttribute(\"data-secret\",t)),e.contentWindow.postMessage({message:\"ready\",secret:t},\"*\")},!1)))}(window,document);\n\/\/# sourceURL=https:\/\/lackman.com.br\/wp-includes\/js\/wp-embed.min.js\n<\/script>\n","thumbnail_url":"http:\/\/lackman.com.br\/wp-content\/uploads\/2025\/10\/WhatsApp-Image-2025-10-15-at-15.19.06.jpeg","thumbnail_width":1600,"thumbnail_height":1066,"description":"Come\u00e7ou o maior evento de kart da capital e que vai oferecer tr\u00eas meses com corridas, simuladores de \u00faltima gera\u00e7\u00e3o e a presen\u00e7a de pilotos renomados. O Acelera Bras\u00edlia est\u00e1 de volta para a sua segunda edi\u00e7\u00e3o, prometendo repetir e ampliar o sucesso de 2024 na capital federal. O evento abriu oficialmente ao p\u00fablico nesta quarta-feira (15), \u00e0s 17h, e seguir\u00e1 por tr\u00eas meses no Kart\u00f3dromo Ayrton Senna, no Guar\u00e1, um dos principais centros de kartismo do Brasil. Com 892 metros de extens\u00e3o, a pista j\u00e1 foi palco de importantes competi\u00e7\u00f5es, incluindo etapas do Campeonato Brasiliense de Kart \u2013 Bras\u00edlia Kart Series (BKS) 2025. Antes disso, no dia 14 de outubro, uma corrida inaugural exclusiva para convidados reuniu nomes de peso do esporte, como Vitor Meira, Nelsinho Piquet, Gaetano di Mauro, Renato Russo, Lucas Foresti, Enzo Elias, Raphinha Reis, Pedro Cardoso, Ricardo Maur\u00edcio, Ricardo Landi, entre outros. A prova teve transmiss\u00e3o simult\u00e2nea pelo YouTube. A primeira edi\u00e7\u00e3o do Acelera, realizada entre setembro e dezembro de 2024, atraiu milhares de pessoas e consolidou-se como o maior evento de kart rental j\u00e1 realizado no Brasil. Em apenas 42 dias, uma pista de alto padr\u00e3o foi montada na Arena BRB, ao lado do Gin\u00e1sio Nilson Nelson, recebendo mais de 20 campeonatos de kart rental e pilotos consagrados nacional e internacionalmente. O impacto foi direto no automobilismo local: o Campeonato Brasiliense de Kart alcan\u00e7ou 172 inscritos na primeira etapa de 2025, com expectativa de superar 200 competidores. Al\u00e9m das corridas, a programa\u00e7\u00e3o contou com feira de ado\u00e7\u00e3o de pets, exposi\u00e7\u00e3o de carros antigos e visitas de 22 escolas p\u00fablicas, proporcionando a mais de 700 alunos a primeira experi\u00eancia no automobilismo. Para 2025, a estrutura ser\u00e1 ainda mais robusta. O Kart\u00f3dromo Ayrton Senna, reconhecido como ber\u00e7o de talentos da velocidade, receber\u00e1 melhorias de seguran\u00e7a e \u00e1reas ampliadas de escape. A programa\u00e7\u00e3o prev\u00ea campeonatos de kart rental, simuladores de corrida de \u00faltima gera\u00e7\u00e3o, exposi\u00e7\u00e3o de carros esportivos e atividades voltadas para crian\u00e7as e fam\u00edlias. Haver\u00e1 tamb\u00e9m espa\u00e7os gastron\u00f4micos, lounges e camarotes, inspirados em modelos europeus de kart\u00f3dromos. Entre as novidades, destaque para os karts equipados com cinto de seguran\u00e7a, um recurso in\u00e9dito em Bras\u00edlia no kart rental. O espa\u00e7o ainda contar\u00e1 com banheiros com chuveiro, banheiro adaptado para PCD, brinquedoteca climatizada, mesa de sinuca e tot\u00f3, al\u00e9m de um Museu do Automobilismo, que promete atrair apaixonados por velocidade e hist\u00f3ria do esporte. O p\u00fablico poder\u00e1 acompanhar a programa\u00e7\u00e3o de ter\u00e7a a domingo. Durante a semana, o funcionamento ser\u00e1 das 17h \u00e0s 23h, e aos s\u00e1bados e domingos, das 14h \u00e0s 20h. Para quem quiser sentir a emo\u00e7\u00e3o das pistas, o valor do kart rental ser\u00e1 de R$ 90, incluindo bateria individual, luvas e balaclava. A iniciativa \u00e9 realizada pela Federa\u00e7\u00e3o de Automobilismo do Distrito Federal e apoio da Secretaria de Esporte e Lazer do Distrito Federal, al\u00e9m da Administra\u00e7\u00e3o Regional do Guar\u00e1. &#8220;O Acelera Bras\u00edlia j\u00e1 nasceu grande e mostrou, em sua primeira edi\u00e7\u00e3o, a for\u00e7a que o automobilismo tem na nossa cidade. Agora, com essa segunda edi\u00e7\u00e3o no Kart\u00f3dromo Ayrton Senna, damos mais um passo para consolidar Bras\u00edlia como refer\u00eancia no esporte a motor, oferecendo estrutura de ponta, seguran\u00e7a e um ambiente que une lazer, fam\u00edlia e inclus\u00e3o. Esse \u00e9 o esp\u00edrito da nossa gest\u00e3o: promover o esporte em todas as suas modalidades, movimentar a economia local e transformar o Distrito Federal na verdadeira Capital do Esporte\u201d destaca, Renato Junqueira, secret\u00e1rio de Esporte e Lazer. A expectativa \u00e9 de que o Acelera Bras\u00edlia se consolide como um dos principais eventos esportivos do calend\u00e1rio nacional. \u201cMais do que um espet\u00e1culo de velocidade, \u00e9 um encontro da comunidade apaixonada por automobilismo, capaz de unir esporte, cultura e inclus\u00e3o social em uma mesma arena\u201d, comenta Renato Constantino, presidente da Federa\u00e7\u00e3o de Automobilismo do Distrito Federal.\u00a0 \u00a0Vrum-vrum! Acelera Bras\u00edlia \/ Kart\u00f3dromo Ayrton Senna &#8211; Guar\u00e1, DF \/ at\u00e9 janeiro de 2026 &#8211; ter\u00e7a a sexta, 17h \u00e0s 23h; s\u00e1bados e domingos, 14h \u00e0s 20h \/ R$ 90 (aluguel do kart com bateria, luvas e balaclava) \/ Mais informa\u00e7\u00f5es \/ Siga @acelerabrasilia Fotos: Divulga\u00e7\u00e3o"}