{"version":"1.0","provider_name":"LACKMAN &amp; CO.","provider_url":"https:\/\/lackman.com.br","author_name":"Gilberto Evangelista - Colunista","author_url":"https:\/\/lackman.com.br\/index.php\/author\/gilberto-brito\/","title":"Val\u00e9ria Lessa realiza mais um Caf\u00e9 Com Treino - LACKMAN &amp; CO.","type":"rich","width":600,"height":338,"html":"<blockquote class=\"wp-embedded-content\" data-secret=\"OpCsKohuf1\"><a href=\"https:\/\/lackman.com.br\/index.php\/2025\/03\/31\/valeria-lessa-realiza-mais-um-cafe-com-treino\/\">Val\u00e9ria Lessa realiza mais um Caf\u00e9 Com Treino<\/a><\/blockquote><iframe sandbox=\"allow-scripts\" security=\"restricted\" src=\"https:\/\/lackman.com.br\/index.php\/2025\/03\/31\/valeria-lessa-realiza-mais-um-cafe-com-treino\/embed\/#?secret=OpCsKohuf1\" width=\"600\" height=\"338\" title=\"&#8220;Val\u00e9ria Lessa realiza mais um Caf\u00e9 Com Treino&#8221; &#8212; LACKMAN &amp; CO.\" data-secret=\"OpCsKohuf1\" frameborder=\"0\" marginwidth=\"0\" marginheight=\"0\" scrolling=\"no\" class=\"wp-embedded-content\"><\/iframe><script>\n\/*! This file is auto-generated *\/\n!function(d,l){\"use strict\";l.querySelector&&d.addEventListener&&\"undefined\"!=typeof URL&&(d.wp=d.wp||{},d.wp.receiveEmbedMessage||(d.wp.receiveEmbedMessage=function(e){var t=e.data;if((t||t.secret||t.message||t.value)&&!\/[^a-zA-Z0-9]\/.test(t.secret)){for(var s,r,n,a=l.querySelectorAll('iframe[data-secret=\"'+t.secret+'\"]'),o=l.querySelectorAll('blockquote[data-secret=\"'+t.secret+'\"]'),c=new RegExp(\"^https?:$\",\"i\"),i=0;i<o.length;i++)o[i].style.display=\"none\";for(i=0;i<a.length;i++)s=a[i],e.source===s.contentWindow&&(s.removeAttribute(\"style\"),\"height\"===t.message?(1e3<(r=parseInt(t.value,10))?r=1e3:~~r<200&&(r=200),s.height=r):\"link\"===t.message&&(r=new URL(s.getAttribute(\"src\")),n=new URL(t.value),c.test(n.protocol))&&n.host===r.host&&l.activeElement===s&&(d.top.location.href=t.value))}},d.addEventListener(\"message\",d.wp.receiveEmbedMessage,!1),l.addEventListener(\"DOMContentLoaded\",function(){for(var e,t,s=l.querySelectorAll(\"iframe.wp-embedded-content\"),r=0;r<s.length;r++)(t=(e=s[r]).getAttribute(\"data-secret\"))||(t=Math.random().toString(36).substring(2,12),e.src+=\"#?secret=\"+t,e.setAttribute(\"data-secret\",t)),e.contentWindow.postMessage({message:\"ready\",secret:t},\"*\")},!1)))}(window,document);\n\/\/# sourceURL=https:\/\/lackman.com.br\/wp-includes\/js\/wp-embed.min.js\n<\/script>\n","thumbnail_url":"http:\/\/lackman.com.br\/wp-content\/uploads\/2025\/03\/Valeria-Lessa_01-scaled.jpg","thumbnail_width":2560,"thumbnail_height":1707,"description":"Terceira edi\u00e7\u00e3o do evento criado pela influencer e palestrante tem palestra, exerc\u00edcios, brindes e muitas del\u00edcias &nbsp; Enquanto muitos brasilienses aproveitavam o \u00faltimo domingo (30) para dormir um pouco mais, cerca de 100 mulheres decidiram come\u00e7ar o dia com disposi\u00e7\u00e3o e prop\u00f3sito. Sob um c\u00e9u azul e um sol vibrante, elas participaram da terceira edi\u00e7\u00e3o do Caf\u00e9 Com Treino, atendendo ao convite de Val\u00e9ria Lessa. O evento aconteceu na quadra de esportes do Col\u00e9gio Bi\u00e2ngulo, em \u00c1guas Claras, e reuniu um mix perfeito de movimento, bate-papo inspirador e muito autocuidado. O objetivo? Abra\u00e7ar novos h\u00e1bitos e fortalecer corpo e mente em uma jornada de autoestima e bem-estar. Refer\u00eancia no universo fitness e conhecida pelo \u201cshape trincado\u201d, Val\u00e9ria Lessa compartilhou sua trajet\u00f3ria em uma palestra cheia de reflex\u00f5es e motiva\u00e7\u00e3o. Durante cerca de uma hora, ela abriu o cora\u00e7\u00e3o sobre os desafios que enfrentou para conquistar n\u00e3o apenas um f\u00edsico saud\u00e1vel, mas tamb\u00e9m um estado mental equilibrado. \u201cMuita gente acha que por ser magra, tudo \u00e9 mais f\u00e1cil. Mas, sem foco, persist\u00eancia e determina\u00e7\u00e3o, eu j\u00e1 teria desistido h\u00e1 muito tempo. Como tantas mulheres, sou m\u00e3e de dois filhos, tenho uma carreira, in\u00fameros compromissos e sei bem o que \u00e9 conciliar tudo isso com a rotina fitness\u201d, contou Val\u00e9ria. \u00a0 \u00a0\u00a0\u00a0Durante o bate-papo, a influenciadora apresentou o Programa RAIO, metodologia que desenvolveu ao longo dos anos e compartilha com suas seguidoras mais fi\u00e9is. \u201cSem Resili\u00eancia, A\u00e7\u00e3o, Inspira\u00e7\u00e3o e Oportunidade, ningu\u00e9m chega a lugar algum \u2013 e isso vale tanto para o corpo quanto para a mente\u201d, destacou. Com a energia l\u00e1 em cima, as participantes se entregaram \u00e0 experi\u00eancia completa do evento, que come\u00e7ou com um petit d\u00e9jeuner caprichado oferecido por Padoca, Line Bakery e Del\u00edcias Frutas. Em seguida, chegou a hora do treino intenso: sob o comando dos professores da Quattor Academia, Pedro Vieira conduziu exerc\u00edcios funcionais, enquanto Alysson Ntopi trouxe coreografias de Fit Dance que fizeram todo mundo suar \u2013 e se divertir. Mas o Caf\u00e9 Com Treino n\u00e3o \u00e9 apenas sobre movimento. O bem-estar foi outro grande destaque do encontro, com momentos de relaxamento proporcionados por Amanda Cindel, do Instituto Long\u00e9vit\u00e9, que aplicou massagens com ventosas nas participantes. Para repor as energias, degusta\u00e7\u00f5es de suplementos da Essencial Farm\u00e1cia de Manipula\u00e7\u00e3o, que tamb\u00e9m distribuiu brindes especiais. E para fechar em grande estilo, sorteios recheados de presentes oferecidos por grandes parceiros do evento: Maj\u00f4 Beauty Club, Cl\u00ednica Marcela Mateus, Renata Almeida Est\u00e9tica Avan\u00e7ada, Thrico Hair, Corpus Sa\u00fade Integrada e Aromas e Sensa\u00e7\u00f5es. \u201cO Caf\u00e9 Com Treino \u00e9 mais do que um evento \u2013 \u00e9 um lembrete de que cuidar de si deve ser um compromisso di\u00e1rio. Al\u00e9m do aprendizado e das experi\u00eancias, cada participante leva para casa um mimo especial e a motiva\u00e7\u00e3o para seguir firme nessa jornada\u201d, finalizou Val\u00e9ria Lessa, que j\u00e1 est\u00e1 planejando a quarta edi\u00e7\u00e3o do encontro. Quer saber quando vai ser a pr\u00f3xima edi\u00e7\u00e3o do evento para garantir sua vaga? Fique de olho no @cafecomtreinovl e acompanhe as novidades. Enquanto isso, veja mais alguns cliques feitos por este colunista\/fot\u00f3grafo de quem passou por l\u00e1: Fotos: Gilberto Evangelista"}