{"version":"1.0","provider_name":"LACKMAN &amp; CO.","provider_url":"https:\/\/lackman.com.br","author_name":"Gilberto Evangelista - Colunista","author_url":"https:\/\/lackman.com.br\/index.php\/author\/gilberto-brito\/","title":"Vis\u00e3o em Movimento - LACKMAN &amp; CO.","type":"rich","width":600,"height":338,"html":"<blockquote class=\"wp-embedded-content\" data-secret=\"H06E775CzM\"><a href=\"https:\/\/lackman.com.br\/index.php\/2024\/12\/11\/visao-em-movimento\/\">Vis\u00e3o em Movimento<\/a><\/blockquote><iframe sandbox=\"allow-scripts\" security=\"restricted\" src=\"https:\/\/lackman.com.br\/index.php\/2024\/12\/11\/visao-em-movimento\/embed\/#?secret=H06E775CzM\" width=\"600\" height=\"338\" title=\"&#8220;Vis\u00e3o em Movimento&#8221; &#8212; LACKMAN &amp; CO.\" data-secret=\"H06E775CzM\" frameborder=\"0\" marginwidth=\"0\" marginheight=\"0\" scrolling=\"no\" class=\"wp-embedded-content\"><\/iframe><script>\n\/*! This file is auto-generated *\/\n!function(d,l){\"use strict\";l.querySelector&&d.addEventListener&&\"undefined\"!=typeof URL&&(d.wp=d.wp||{},d.wp.receiveEmbedMessage||(d.wp.receiveEmbedMessage=function(e){var t=e.data;if((t||t.secret||t.message||t.value)&&!\/[^a-zA-Z0-9]\/.test(t.secret)){for(var s,r,n,a=l.querySelectorAll('iframe[data-secret=\"'+t.secret+'\"]'),o=l.querySelectorAll('blockquote[data-secret=\"'+t.secret+'\"]'),c=new RegExp(\"^https?:$\",\"i\"),i=0;i<o.length;i++)o[i].style.display=\"none\";for(i=0;i<a.length;i++)s=a[i],e.source===s.contentWindow&&(s.removeAttribute(\"style\"),\"height\"===t.message?(1e3<(r=parseInt(t.value,10))?r=1e3:~~r<200&&(r=200),s.height=r):\"link\"===t.message&&(r=new URL(s.getAttribute(\"src\")),n=new URL(t.value),c.test(n.protocol))&&n.host===r.host&&l.activeElement===s&&(d.top.location.href=t.value))}},d.addEventListener(\"message\",d.wp.receiveEmbedMessage,!1),l.addEventListener(\"DOMContentLoaded\",function(){for(var e,t,s=l.querySelectorAll(\"iframe.wp-embedded-content\"),r=0;r<s.length;r++)(t=(e=s[r]).getAttribute(\"data-secret\"))||(t=Math.random().toString(36).substring(2,12),e.src+=\"#?secret=\"+t,e.setAttribute(\"data-secret\",t)),e.contentWindow.postMessage({message:\"ready\",secret:t},\"*\")},!1)))}(window,document);\n\/\/# sourceURL=https:\/\/lackman.com.br\/wp-includes\/js\/wp-embed.min.js\n<\/script>\n","thumbnail_url":"http:\/\/lackman.com.br\/wp-content\/uploads\/2024\/12\/FLO9003-scaled.jpg","thumbnail_width":2560,"thumbnail_height":1706,"description":"Tecn\u00f3tica e Jana\u00edna Ortiga lan\u00e7am cole\u00e7\u00e3o inspirada no bal\u00e9 que combina design sofisticado com impacto social Com o evento \u201cVis\u00e3o em Movimento\u201d, a collab Tecn\u00f3tica + Janaina Ortiga foi apresentada no \u00faltimo s\u00e1bado, 7 de dezembro, na loja da 304 Sul, com a presen\u00e7a de clientes e amigos. Inspirada no bal\u00e9, a cole\u00e7\u00e3o traz quatro modelos de arma\u00e7\u00e3o \u2013 Ballet, Pli\u00e9, Tutu e Allegro \u2013 em \u00a0As arma\u00e7\u00f5es combinam eleg\u00e2ncia e funcionalidade, reinterpretando a leveza e a gra\u00e7a do bal\u00e9 em vers\u00f5es receitu\u00e1rio e solar. Destaque para Ballet, pe\u00e7a central da cole\u00e7\u00e3o, com design atemporal que exala sofistica\u00e7\u00e3o, enquanto Pli\u00e9 prioriza versatilidade, Tutu equilibra modernidade e tradi\u00e7\u00e3o, e Allegro traduz energia com linhas din\u00e2micas. A parceria Tecn\u00f3tica + Janaina Ortiga, iniciada em 2022, resgata a tradi\u00e7\u00e3o de a\u00e7\u00f5es solid\u00e1rias da multigrife e da empres\u00e1ria, promovendo doa\u00e7\u00f5es para institui\u00e7\u00f5es como a Anjos do Amanh\u00e3. A campanha de 2023 resultou em quase 100 doa\u00e7\u00f5es, e neste ano, conta com novos parceiros como a Cl\u00ednica Oculare e o Rotary Club Taguatinga Oeste. A collab reafirma o compromisso de unir moda e responsabilidade social, trazendo uma nova perspectiva atrav\u00e9s do design inspirado na dan\u00e7a. Para conferir as novidades e apoiar a causa, basta visitar a Tecn\u00f3tica da 304 Sul e explorar essa cole\u00e7\u00e3o que celebra arte e solidariedade. Saiba mais nos perfis marcados no come\u00e7o desta mat\u00e9ria. Fotos: Divulga\u00e7\u00e3o"}