{"version":"1.0","provider_name":"LACKMAN &amp; CO.","provider_url":"https:\/\/lackman.com.br","author_name":"Gilberto Evangelista - Colunista","author_url":"https:\/\/lackman.com.br\/index.php\/author\/gilberto-brito\/","title":"Cerrado Cultural, o novo espa\u00e7o das artes de Bras\u00edlia - LACKMAN &amp; CO.","type":"rich","width":600,"height":338,"html":"<blockquote class=\"wp-embedded-content\" data-secret=\"Kf61JB5JPX\"><a href=\"https:\/\/lackman.com.br\/index.php\/2024\/08\/19\/a-arte-acontece-na-cerrado-cultural\/\">Cerrado Cultural, o novo espa\u00e7o das artes de Bras\u00edlia<\/a><\/blockquote><iframe sandbox=\"allow-scripts\" security=\"restricted\" src=\"https:\/\/lackman.com.br\/index.php\/2024\/08\/19\/a-arte-acontece-na-cerrado-cultural\/embed\/#?secret=Kf61JB5JPX\" width=\"600\" height=\"338\" title=\"&#8220;Cerrado Cultural, o novo espa\u00e7o das artes de Bras\u00edlia&#8221; &#8212; LACKMAN &amp; CO.\" data-secret=\"Kf61JB5JPX\" frameborder=\"0\" marginwidth=\"0\" marginheight=\"0\" scrolling=\"no\" class=\"wp-embedded-content\"><\/iframe><script>\n\/*! This file is auto-generated *\/\n!function(d,l){\"use strict\";l.querySelector&&d.addEventListener&&\"undefined\"!=typeof URL&&(d.wp=d.wp||{},d.wp.receiveEmbedMessage||(d.wp.receiveEmbedMessage=function(e){var t=e.data;if((t||t.secret||t.message||t.value)&&!\/[^a-zA-Z0-9]\/.test(t.secret)){for(var s,r,n,a=l.querySelectorAll('iframe[data-secret=\"'+t.secret+'\"]'),o=l.querySelectorAll('blockquote[data-secret=\"'+t.secret+'\"]'),c=new RegExp(\"^https?:$\",\"i\"),i=0;i<o.length;i++)o[i].style.display=\"none\";for(i=0;i<a.length;i++)s=a[i],e.source===s.contentWindow&&(s.removeAttribute(\"style\"),\"height\"===t.message?(1e3<(r=parseInt(t.value,10))?r=1e3:~~r<200&&(r=200),s.height=r):\"link\"===t.message&&(r=new URL(s.getAttribute(\"src\")),n=new URL(t.value),c.test(n.protocol))&&n.host===r.host&&l.activeElement===s&&(d.top.location.href=t.value))}},d.addEventListener(\"message\",d.wp.receiveEmbedMessage,!1),l.addEventListener(\"DOMContentLoaded\",function(){for(var e,t,s=l.querySelectorAll(\"iframe.wp-embedded-content\"),r=0;r<s.length;r++)(t=(e=s[r]).getAttribute(\"data-secret\"))||(t=Math.random().toString(36).substring(2,12),e.src+=\"#?secret=\"+t,e.setAttribute(\"data-secret\",t)),e.contentWindow.postMessage({message:\"ready\",secret:t},\"*\")},!1)))}(window,document);\n\/\/# sourceURL=https:\/\/lackman.com.br\/wp-includes\/js\/wp-embed.min.js\n<\/script>\n","thumbnail_url":"http:\/\/lackman.com.br\/wp-content\/uploads\/2024\/08\/Zeferina-por-Dalton-Paula-Exposicao-Coletiva-_O-centro-e-o-oeste-insurgente_-Creditos_-Divulgacao.jpg","thumbnail_width":893,"thumbnail_height":1219,"description":"Vernissage marca a abertura de centro cultural idealizado pela Galeria para abrigar projetos diversos, mostras, resid\u00eancias art\u00edsticas e forma\u00e7\u00e3o educativa &nbsp; Essa \u00e9 o tipo de not\u00edcia que a coluna #PERAMBULANDO adora trazer: a Galeria Cerrado acaba de inaugurar um novo e in\u00e9dito espa\u00e7o na cidade, \u00e9 o Cerrado Cultural, que tem foco nas artes pl\u00e1sticas contempor\u00e2neas e modernas, sobretudo aquelas produzidas na capital federal e na regi\u00e3o Centro-Oeste. O vernissage de inaugura\u00e7\u00e3o aconteceu no \u00faltimo s\u00e1bado (17), no pr\u00f3prio espa\u00e7o, localizado na Ch\u00e1cara 10 da QI 05 (Lago Sul), que soma mais de 1,6 mil metros quadrados dedicados a mostras de grandes propor\u00e7\u00f5es e resid\u00eancias art\u00edsticas, al\u00e9m de a\u00e7\u00f5es de car\u00e1ter educativo. Detalhe, a estreia do novo espa\u00e7o marcou a abertura de duas importantes exposi\u00e7\u00f5es. Uma individual dedicada ao artista Rubem Valentim, intitulada &#8220;Mito, rito e ritmo interior: Rubem Valentim \u2013 Fazer como Salva\u00e7\u00e3o&#8220;, com curadoria de Lilia Schwarcz, a mais recente integrante da Academia Brasileira de Letras; e uma coletiva, batizada de &#8220;O Centro \u00e9 o Oeste Insurgente&#8220;, com curadoria de Divino Sobral e Lilia Schwarcz. Adriana Varej\u00e3o foi um dos nomes poderosos que marcou presen\u00e7a no evento, que contou com in\u00fameros convidados \u2013 p\u00fablico, profissionais e amantes das artes \u2013 vindos de S\u00e3o Paulo, Rio de Janeiro, Mato Grosso, Minas Gerais, Goi\u00e1s e Distrito Federal. Marcela Cantu\u00e1ria tamb\u00e9m deu o ar da gra\u00e7a, ap\u00f3s abrir, no dia anterior, a mostra &#8220;Boca da Noite&#8220;, com curadoria de Ana Clara Sim\u00f5es Lopes, em cartaz na Galeria Cerrado (localizada ali pertinho, na comercial da QI 05). Ralph Ghere Vale lembrar que a filial brasiliense da Cerrado Galeria (de Goi\u00e2nia) foi inaugurada no ano passado, a partir da uni\u00e3o de Ant\u00f4nio Almeida e Carlos Dale, s\u00f3cios fundadores da Almeida &amp; Dale Galeria de Arte, de S\u00e3o Paulo, com L\u00facio Albuquerque, que atuava na Casa Albuquerque Galeria de Arte, em Bras\u00edlia. Os tr\u00eas galeristas somam mais de 30 anos de atua\u00e7\u00e3o no mercado de arte. Voltando ao evento de inaugura\u00e7\u00e3o da Cerrado Cultural, destaque para a apresenta\u00e7\u00e3o do harmonicista brasileiro Pablo Fagundes, do beatboxer estadunidense Christylez Bacon e do violonista F\u00e9lix Junior, que se apresentaram em meio aos jardins, onde tamb\u00e9m se encontra a piscina de forma geom\u00e9trica, rodeada por um enorme jardim repleto de esculturas. Para sentir o clima, tem as fotos sociais by C\u00e9sar Rebou\u00e7as nessa mat\u00e9ria, mas voc\u00ea tamb\u00e9m pode assistir ao Reel feito por este colunista! Em cartaz Considerado uma das refer\u00eancias do construtivismo brasileiro, o pintor, escultor e gravador baiano Rubem Valentim tem seu legado exposto no piso superior do Cerrado Cultural, at\u00e9 o dia 01 de novembro. A mostra batizada de &#8220;Mito, rito e ritmo interior: Rubem Valentim \u2013 Fazer como Salva\u00e7\u00e3o&#8221; explora diferentes fases do artista, al\u00e9m de expor fotos e fontes originais, e conta com curadoria de Lilia Schwarcz, uma das principais pesquisadoras de hist\u00f3ria e de arte do pa\u00eds. \u00a0Ela e Divino Sobral, diretor art\u00edstico da galeria, fizeram a curadoria de &#8220;O Centro \u00e9 o Oeste Insurgente&#8220;, que re\u00fane, at\u00e9 o dia 01 de novembro, no piso t\u00e9rreo do local, 50 trabalhos (pinturas, esculturas, fotografias e desenhos) de 15 artistas do Distrito Federal, Goi\u00e1s e Mato Grosso: Abra\u00e3o Veloso, Alice Lara, Andr\u00e9 Felipe Cardoso, Ant\u00f4nio Ob\u00e1, Daiara Tukano, Dalton Paula (foto de capa), Denise Camargo, Douglas Ferreiro, Gervane de Paula, Hal Wildson, Hel\u00f4 Sanvoy, K\u00e1ssia Borges, Naine Terena, Raquel Rocha e Talles Lopes. Al\u00e9m das duas mostras acima que est\u00e3o na Cerrado Cultural, o p\u00fablico tamb\u00e9m pode visitar a mostra Boca da Noite, de Marcela Cantu\u00e1ria com curadoria de Ana Clara Sim\u00f5es Lopes, na Cerrado Galeria, at\u00e9 11 de outubro. No total s\u00e3o mais de uma dezena de obras, em sua grande maioria in\u00e9ditas e feitas especialmente para a exposi\u00e7\u00e3o, que se desenrolam em uma atmosfera simb\u00f3lica, alcan\u00e7ada por meio de uma paleta escurecida e uma simbologia que se constela em fen\u00f4menos e criaturas noturnas, tais como as mariposas e os lobisomens. Em tempo, a \u00faltima exposi\u00e7\u00e3o de Cantu\u00e1ria em Bras\u00edlia foi em 2018. Partiu Cerrado Cultural e Galeria! \u00a0 Cerrado Cultural e Cerrado Galeria \/ SHIS QI 05 comercial e ali perto na Ch\u00e1cara 10, Lago Sul, Bsb\/DF \/ Siga e veja programa\u00e7\u00e3o e hor\u00e1rio das exposi\u00e7\u00f5es no site e no @cerrado.galeria Fotos: Divulga\u00e7\u00e3o \/ C\u00e9sar Rebou\u00e7as"}