{"version":"1.0","provider_name":"LACKMAN &amp; CO.","provider_url":"https:\/\/lackman.com.br","author_name":"Gilberto Evangelista - Colunista","author_url":"https:\/\/lackman.com.br\/index.php\/author\/gilberto-brito\/","title":"T\u00e1 rolando o BSB Plano das Artes... Bora? - LACKMAN &amp; CO.","type":"rich","width":600,"height":338,"html":"<blockquote class=\"wp-embedded-content\" data-secret=\"UrF2ieUAMF\"><a href=\"https:\/\/lackman.com.br\/index.php\/2024\/06\/09\/ta-rolando-o-bsb-plano-das-artes-bora\/\">T\u00e1 rolando o BSB Plano das Artes&#8230; Bora?<\/a><\/blockquote><iframe sandbox=\"allow-scripts\" security=\"restricted\" src=\"https:\/\/lackman.com.br\/index.php\/2024\/06\/09\/ta-rolando-o-bsb-plano-das-artes-bora\/embed\/#?secret=UrF2ieUAMF\" width=\"600\" height=\"338\" title=\"&#8220;T\u00e1 rolando o BSB Plano das Artes&#8230; Bora?&#8221; &#8212; LACKMAN &amp; CO.\" data-secret=\"UrF2ieUAMF\" frameborder=\"0\" marginwidth=\"0\" marginheight=\"0\" scrolling=\"no\" class=\"wp-embedded-content\"><\/iframe><script>\n\/*! This file is auto-generated *\/\n!function(d,l){\"use strict\";l.querySelector&&d.addEventListener&&\"undefined\"!=typeof URL&&(d.wp=d.wp||{},d.wp.receiveEmbedMessage||(d.wp.receiveEmbedMessage=function(e){var t=e.data;if((t||t.secret||t.message||t.value)&&!\/[^a-zA-Z0-9]\/.test(t.secret)){for(var s,r,n,a=l.querySelectorAll('iframe[data-secret=\"'+t.secret+'\"]'),o=l.querySelectorAll('blockquote[data-secret=\"'+t.secret+'\"]'),c=new RegExp(\"^https?:$\",\"i\"),i=0;i<o.length;i++)o[i].style.display=\"none\";for(i=0;i<a.length;i++)s=a[i],e.source===s.contentWindow&&(s.removeAttribute(\"style\"),\"height\"===t.message?(1e3<(r=parseInt(t.value,10))?r=1e3:~~r<200&&(r=200),s.height=r):\"link\"===t.message&&(r=new URL(s.getAttribute(\"src\")),n=new URL(t.value),c.test(n.protocol))&&n.host===r.host&&l.activeElement===s&&(d.top.location.href=t.value))}},d.addEventListener(\"message\",d.wp.receiveEmbedMessage,!1),l.addEventListener(\"DOMContentLoaded\",function(){for(var e,t,s=l.querySelectorAll(\"iframe.wp-embedded-content\"),r=0;r<s.length;r++)(t=(e=s[r]).getAttribute(\"data-secret\"))||(t=Math.random().toString(36).substring(2,12),e.src+=\"#?secret=\"+t,e.setAttribute(\"data-secret\",t)),e.contentWindow.postMessage({message:\"ready\",secret:t},\"*\")},!1)))}(window,document);\n\/\/# sourceURL=https:\/\/lackman.com.br\/wp-includes\/js\/wp-embed.min.js\n<\/script>\n","thumbnail_url":"http:\/\/lackman.com.br\/wp-content\/uploads\/2024\/06\/PlanodasArtes.jpg","thumbnail_width":1748,"thumbnail_height":1240,"description":"A 4 \u00aa edi\u00e7\u00e3o do Festival Arte por toda parte re\u00fane nada menos que 56 espa\u00e7os culturais, revelando um verdadeiro raio-X da cultura 100% Made in Bras\u00edlia &nbsp; At\u00e9 o pr\u00f3ximo dia 18 de junho, o p\u00fablico poder\u00e1 visitar e conhecer os\u00a0ateli\u00eas de artistas, galerias e espa\u00e7os de arte aut\u00f4nomos\u00a0da capital federal que participam da\u00a04\u00aa edi\u00e7\u00e3o do BSB Plano das Artes.\u00a0O lema do evento, Festival Arte por toda parte, destaca a diversidade e a forte presen\u00e7a da cena art\u00edstica na capital federal e articula di\u00e1logos sobre espa\u00e7os de arte no pa\u00eds. \u00c9 uma grande oportunidade para as pessoas que se interessam por conhecer a cena das artes visuais do Distrito Federal a explorarem diferentes express\u00f5es criativas e conhecerem os talentos locais. Dos\u00a056 espa\u00e7os\u00a0que participam desta edi\u00e7\u00e3o,\u00a030\u00a0participam das\u00a0rotas de visita\u00e7\u00e3o com\u00a0vans\u00a0oferecidas pelo Plano das Artes,\u00a026\u00a0fazem parte das\u00a0rotas de visita\u00e7\u00e3o espont\u00e2neas, em que o p\u00fablico segue para esses espa\u00e7os por meios pr\u00f3prios, seja carro, carros por aplicativo, t\u00e1xis, \u00f4nibus, bicicleta ou a p\u00e9. Al\u00e9m disso, acontecer\u00e3o 6 rotas online, com programas gravados e ao vivo. Essas rotas contemplam os ateli\u00eas de canto e entrevistas com espa\u00e7os aut\u00f4nomos do Distrito Federal, Goi\u00e1s, Cear\u00e1, Mato Grosso, Par\u00e1 e Rio Grande do Sul. Este colunista participou de uma da Rota Vermelha (uma das que voc\u00ea entra na Van do projeto e sai #PERAMBULANDO para e para c\u00e1, visitando lugares incr\u00edveis). O ressultado foi um Reels muito maneiro e que voc\u00ea pode assistir clicando neste link! O\u00a0BSB Plano das Artes\u00a0\u00e9 um evento que busca aproximar o p\u00fablico da cena das artes visuais do Distrito Federal por meio de visitas a ateli\u00eas de artistas, galerias e espa\u00e7os aut\u00f4nomos de arte.\u00a0As pessoas interessadas em participar das rotas programadas devem se inscrever pelo Sympla. Mais informa\u00e7\u00f5es pelo site www.bsbplanodasarte.com.br. As vagas s\u00e3o limitadas e sujeitas \u00e0 lota\u00e7\u00e3o das vans a 14 pessoas por ve\u00edculo, com sa\u00eddas do Museu Nacional da Rep\u00fablica, na Esplanada dos Minist\u00e9rios. \u00a0\u00a0Todos os espa\u00e7os participantes est\u00e3o listados no\u00a0mapa\u00a0do Plano das Artes que ser\u00e1\u00a0distribu\u00eddo\u00a0gratuitamente ao p\u00fablico, nas vans, nos espa\u00e7os participantes, nos parceiros comerciais do projeto e pode ser acessado no site do projeto. O projeto proporcionou a forma\u00e7\u00e3o de 20 atendentes culturais (incluindo vagas para LGBTQIA+ negros e ind\u00edgenas), categoria profissional lan\u00e7ada pelo projeto visando relacionamento e gest\u00e3o de atividades de espa\u00e7os, que ir\u00e3o atuar em treinamento durante as rotas em alguns espa\u00e7os. Cinara Barbosa, curadora, pesquisadora e idealizadora do BSB Plano das Artes, destaca a significativa participa\u00e7\u00e3o dos espa\u00e7os nas convocat\u00f3rias realizadas em mar\u00e7o. Essa participa\u00e7\u00e3o evidencia a consolida\u00e7\u00e3o do ecossistema da arte no Distrito Federal ao longo dos \u00faltimos anos. Novas galerias, ateli\u00eas de artistas e centros culturais aut\u00f4nomos de artes visuais t\u00eam surgido, ampliando o alcance do projeto ao longo de seus seis anos de exist\u00eancia. Durante a pesquisa de campo para a prepara\u00e7\u00e3o desta 4\u00aa edi\u00e7\u00e3o, observou-se uma transforma\u00e7\u00e3o na ocupa\u00e7\u00e3o da cidade por setores de economia criativa. O projeto aborda quest\u00f5es como acessibilidade do p\u00fablico e mobilidade, promovendo um circuito gratuito pelos espa\u00e7os na cidade. \u201cO Setor Comercial Sul (SCS), localizado no cora\u00e7\u00e3o de Bras\u00edlia, abriga uma cena cultural vibrante. Nesse espa\u00e7o, encontramos galerias, escrit\u00f3rios de arte e de arquitetura, ateli\u00eas, resid\u00eancias art\u00edsticas, est\u00fadios de design e tatuagem. \u201cA apresenta\u00e7\u00e3o desses locais mapeados tamb\u00e9m nos leva a refletir sobre quest\u00f5es como visibilidade, profissionaliza\u00e7\u00e3o e sustentabilidade dos empreendimentos criativos, considerando os desafios relacionados \u00e0 manuten\u00e7\u00e3o desses espa\u00e7os\u201d, afirma a idealizadora do projeto. Como participar Todos os espa\u00e7os participantes est\u00e3o listados no\u00a0mapa do Plano das Artes. Esse mapa ser\u00e1 distribu\u00eddo ao p\u00fablico, nas vans, nos espa\u00e7os participantes e dos parceiros do projeto. Al\u00e9m disso, o mapa pode ser acessado no site www.bsbplanodasartes.com.br. A\u00a04\u00aa Edi\u00e7\u00e3o do Plano das Artes\u00a0oferece\u00a0tr\u00eas modalidades de rotas\u00a0para os interessados em explorar a cena art\u00edstica. Rotas Programadas: Datas:\u00a07, 8, 14, 15 e 16 de junho. Essas rotas incluem\u00a0vans gratuitase\u00a0equipe de media\u00e7\u00e3o. Os participantes poder\u00e3o circular pelos\u00a0espa\u00e7os de artes visuais\u00a0dentro de cada rota. Alguns espa\u00e7os contar\u00e3o com a presen\u00e7a de atendentes culturais formados pelo projeto. As sa\u00eddas acontecem do Museu Nacional da Rep\u00fablica. A organiza\u00e7\u00e3o do evento orienta as pessoas que n\u00e3o conseguirem se inscrever nas retas programadas, que sigam para o ponto de partida no Museu Nacional da Rep\u00fablica, porque em caso de desist\u00eancias, as vagas ser\u00e3o preenchidas pelas pessoas que estiverem no local por ordem de chegada. Rotas Espont\u00e2neas: Per\u00edodo: De\u00a07 a 18 de junho. Nessa modalidade, o p\u00fablico monta seu pr\u00f3prio\u00a0roteiro de visita presencial\u00a0de maneira independente. Os hor\u00e1rios de funcionamento dos espa\u00e7os ser\u00e3o informados no\u00a0formul\u00e1rio de participa\u00e7\u00e3o, e \u00e9 poss\u00edvel agendar visitas diretamente com a equipe do espa\u00e7o. Rotas Online: Datas: De\u00a09 a 13 de junho\u00a0e nos dias\u00a017 e 18 de junho. As rotas online consistem em programas transmitidos pelo canal do Plano das Artes no YouTube. Os participantes poder\u00e3o acompanhar a participa\u00e7\u00e3o de Ateli\u00eas de Canto, entrevistas ao vivo com Espa\u00e7os da Convocat\u00f3ria Apoio Plano e outros\u00a0convidados. Ateli\u00eas, galerias e espa\u00e7os aut\u00f4nomos que fazem parte das rotas programadas \u00a0 A Pilastra (Guar\u00e1 II), Alberto Lamback \/ Loja 16 (Asa Norte), Ateli\u00ea 27 (Jardim Bot\u00e2nico), Ateli\u00ea Camila Soato \/ Instituto Barraus (Sobradinho), Ateli\u00ea Christus N\u00f3brega (Jardim Bot\u00e2nico), Ateli\u00ea Helena Lopes (Lago Sul), Ateli\u00ea Kena \/ Naine Terena + Gustavo Caboco Wapichana (Asa Norte), Ateli\u00ea Newton Scheufler (Vila Telebras\u00edlia), Ateli\u00ea Taigo Meireles (Brazl\u00e2ndia). Ateli\u00ea Val\u00e9ria Pena-Costa + Feira do Fuga (Lago Sul), Casa Aerada (Varj\u00e3o), Casa Ateli\u00ea Galeria Jardim de Cerrado Cata-Vento \/ Aline Crivelari (Park Way), Celso Junior Galeria (Lago Sul), Centro Cultural TCU (Asa Sul), Centro de Artes MD Azevedo (Vila Telebras\u00edlia \/ Asa Sul), Cerrado Galeria (Lago Sul), deCurators (Asa Norte), Espa\u00e7o Ecoarte (Asa Sul), Funda\u00e7\u00e3o Athos Bulc\u00e3o (Asa Sul), Galeria Index (Asa Sul), Galeria Karla Os\u00f3rio (Lago Sul), Galeria Olho de \u00c1guia (Taguatinga), Galeria Risofloras + Gu da Cei (Ceil\u00e2ndia), ManoObra Galeria (Sobradinho II), Oto Reifschneider Galeria de Arte (Asa Norte), P\u00e9 Vermelho &#8211; Espa\u00e7o Contempor\u00e2neo (Planaltina), Ocupa\u00e7\u00e3o Amilcar\u00a0de\u00a0Castro (\u00c1rea Central do Plano Piloto), Refer\u00eancia Galeria de Arte (Asa Norte), Telaambulante (Asa Sul) e Vilarejo 21 (Altiplano Leste \u2013 Jardim Bot\u00e2nico). Espa\u00e7os abertos para rotas espont\u00e2neas Ateli\u00ea Casa 08 (Jardim Bot\u00e2nico), Ateli\u00ea Cec\u00edlia"}