{"version":"1.0","provider_name":"LACKMAN &amp; CO.","provider_url":"https:\/\/lackman.com.br","author_name":"Gilberto Evangelista - Colunista","author_url":"https:\/\/lackman.com.br\/index.php\/author\/gilberto-brito\/","title":"Enoturismo: Vin\u00edcola Bras\u00edlia abre suas portas - LACKMAN &amp; CO.","type":"rich","width":600,"height":338,"html":"<blockquote class=\"wp-embedded-content\" data-secret=\"ygMvjCiCo9\"><a href=\"https:\/\/lackman.com.br\/index.php\/2024\/04\/23\/o-cerrado-tem-vinho-tem-sim-senhor\/\">Enoturismo: Vin\u00edcola Bras\u00edlia abre suas portas<\/a><\/blockquote><iframe sandbox=\"allow-scripts\" security=\"restricted\" src=\"https:\/\/lackman.com.br\/index.php\/2024\/04\/23\/o-cerrado-tem-vinho-tem-sim-senhor\/embed\/#?secret=ygMvjCiCo9\" width=\"600\" height=\"338\" title=\"&#8220;Enoturismo: Vin\u00edcola Bras\u00edlia abre suas portas&#8221; &#8212; LACKMAN &amp; CO.\" data-secret=\"ygMvjCiCo9\" frameborder=\"0\" marginwidth=\"0\" marginheight=\"0\" scrolling=\"no\" class=\"wp-embedded-content\"><\/iframe><script>\n\/*! This file is auto-generated *\/\n!function(d,l){\"use strict\";l.querySelector&&d.addEventListener&&\"undefined\"!=typeof URL&&(d.wp=d.wp||{},d.wp.receiveEmbedMessage||(d.wp.receiveEmbedMessage=function(e){var t=e.data;if((t||t.secret||t.message||t.value)&&!\/[^a-zA-Z0-9]\/.test(t.secret)){for(var s,r,n,a=l.querySelectorAll('iframe[data-secret=\"'+t.secret+'\"]'),o=l.querySelectorAll('blockquote[data-secret=\"'+t.secret+'\"]'),c=new RegExp(\"^https?:$\",\"i\"),i=0;i<o.length;i++)o[i].style.display=\"none\";for(i=0;i<a.length;i++)s=a[i],e.source===s.contentWindow&&(s.removeAttribute(\"style\"),\"height\"===t.message?(1e3<(r=parseInt(t.value,10))?r=1e3:~~r<200&&(r=200),s.height=r):\"link\"===t.message&&(r=new URL(s.getAttribute(\"src\")),n=new URL(t.value),c.test(n.protocol))&&n.host===r.host&&l.activeElement===s&&(d.top.location.href=t.value))}},d.addEventListener(\"message\",d.wp.receiveEmbedMessage,!1),l.addEventListener(\"DOMContentLoaded\",function(){for(var e,t,s=l.querySelectorAll(\"iframe.wp-embedded-content\"),r=0;r<s.length;r++)(t=(e=s[r]).getAttribute(\"data-secret\"))||(t=Math.random().toString(36).substring(2,12),e.src+=\"#?secret=\"+t,e.setAttribute(\"data-secret\",t)),e.contentWindow.postMessage({message:\"ready\",secret:t},\"*\")},!1)))}(window,document);\n\/\/# sourceURL=https:\/\/lackman.com.br\/wp-includes\/js\/wp-embed.min.js\n<\/script>\n","thumbnail_url":"http:\/\/lackman.com.br\/wp-content\/uploads\/2024\/04\/20.04-Vinicola-Brasilia-fercoutinho-009.jpg","thumbnail_width":2048,"thumbnail_height":1365,"description":"O Cerrado tem vinho? Tem sim senhor! Aos 64 anos da capital federal, Bras\u00edlia ganha vin\u00edcola que abre uma nova p\u00e1gina na hist\u00f3ria da regi\u00e3o com rota do vinho e maior est\u00edmulo \u00e0 viticultura &nbsp; O vinho \u00e9 o tipo de bebida que nos leva a sair #PERAMBULANDO pelo mundo em busca de descobertas e experi\u00eancias \u00fanicas, que ficam registradas para sempre na mem\u00f3ria. O melhor de tudo \u00e9 que agora, com a inaugura\u00e7\u00e3o da Vin\u00edcola Bras\u00edlia \u2013 \u00a0que aconteceu no \u00faltimo fim de semana (s\u00e1bado e domingo dias 20 e 21) l\u00e1 no KM 07 da BR-251, o enoturismo e viticultura local se tornam mais vi\u00e1veis para os brasilienses que amam essa bebida dos deuses. \u00c9 isso mesmo, o Cerrado tem cultivo, terroirs com caracter\u00edstica pr\u00f3prias e j\u00e1 produz r\u00f3tulos premiados! Se para voc\u00ea isso \u00e9 uma novidade, ent\u00e3o aproveita para conhecer o quanto antes o local que, sem exageros, ficou lindo e, mais do que isso, traz uma estrutura completa, com equipamentos e tecnologia de primeiro mundo. Inclusive, vale destacar que, a iniciativa nasceu da vontade de 10 vinhedos ali daquela regi\u00e3o (que conta com cerca de 50 produtores), que decidiram unir suas expertises e pr\u00e1ticas sustent\u00e1veis para revolucionar o mercado de vinhos finos. S\u00e3o eles: Casa Vitor, Ercoara, Horus, Marchese, Miro, Monte Alvor, Oma Sena, Alto Cerrado, Villa Triacca e Vista da Mata. Falando em nome de todo o grupo, Rodrigo Sucena da Ecoara conta que a Vin\u00edcola Bras\u00edlia hoje \u00e9 algo muito maior do que todos chegaram a sonhar um dia. \u201cQualquer um que vier nos visitar vai se sentir muito impactado de estar em uma regi\u00e3o vit\u00edcula onde dez fam\u00edlias est\u00e3o, de fato, empenhadas em desenvolver o enoturismo e principalmente, entregando na ta\u00e7a das pessoas um vinho de qualidade do Cerrado Brasileiro\u201d. E como por aqui n\u00f3s temos apenas duas esta\u00e7\u00f5es (uma quente e chuvosa, outra fria e seca), os resultados de produ\u00e7\u00e3o s\u00e3o surpreendentes. \u201cDe maio at\u00e9 agosto, a uva tem a condi\u00e7\u00e3o de ter uma matura\u00e7\u00e3o plena e perfeita, com acidez, com uma boa constitui\u00e7\u00e3o de a\u00e7\u00facar para fazer um \u00e1lcool equilibrado e, claro, com potencial de guarda, com complexidade e intensidade\u201d, explica. Apesar do neg\u00f3cio ter a Syrah como principal casta tinta, tamb\u00e9m diversifica seu portf\u00f3lio com uvas tipo Malbec, Cabernet Franc, Tempranillo, entre outras. Com consultores e en\u00f3logos renomados, o projeto destaca-se pela inova\u00e7\u00e3o e colabora\u00e7\u00e3o, contando com uma estrutura f\u00edsica unificada e pr\u00e1ticas sustent\u00e1veis, como conserva\u00e7\u00e3o da \u00e1gua e preserva\u00e7\u00e3o da vegeta\u00e7\u00e3o nativa, em uma \u00e1rea de mais de 1.820 m\u00b2, onde a constru\u00e7\u00e3o da Vin\u00edcola chama a aten\u00e7\u00e3o por sua arquitetura modernista e elegante assinada pelo Studio AZ e Lazzeri Arquitetos Em breve, a Vin\u00edcola Bras\u00edlia receber\u00e1 visita\u00e7\u00f5es, degusta\u00e7\u00f5es guiadas e cursos de vinhos. O lan\u00e7amento oficial apresentou cinco novos r\u00f3tulos \u2013 que j\u00e1 podem ser adquiridos no local \u2013, incluindo o renomado Vinho Monumental Syrah, premiado na Avalia\u00e7\u00e3o Nacional de Vinhos de 2023. Destacam-se ainda o Ros\u00e9 Pilotis, delicado blend de Syrah e Tempranillo e o Sauvignon Blanc Cobog\u00f3, intenso e arom\u00e1tico, os dois preferidos deste colunista que ficam com #DICADOGIBA. A sele\u00e7\u00e3o se completa com o Malbec Syrah Croqui, robusto e vers\u00e1til; o Malbec Alvorada, amadurecido em barricas de carvalho; e o Syrah Alvorada, de f\u00e1cil harmoniza\u00e7\u00e3o e maturado em carvalho por 12 meses. Ah! Se por acaso voc\u00ea achar os r\u00f3tulos lindos, eles foram feitos pelo designer Raffael Inneco, aquele mesmo que arrasa com os produtos maravilhosos da BSB Memo. \u201cQuando me apresentaram o projeto, eu fiquei meio c\u00e9tico e preocupado com o que seria uma vin\u00edcola aqui no nosso Cerrado por conta do clima\u201d, confessou o governador Ibaneis Rocha, que compareceu ao evento de inaugura\u00e7\u00e3o que reuniu cerca de 300 convidados no \u00faltimo s\u00e1bado (30). Mas quando lhe mostraram melhor a ideia, as t\u00e9cnicas utilizadas, ele empreendeu todos os esfor\u00e7os poss\u00edveis para colaborar com a realiza\u00e7\u00e3o da iniciativa, desenvolvendo assim uma rota de turismo. \u201cEu tenho certeza de que isso aqui vai ser um sucesso, que vai render excelentes frutos para o Distrito Federal, para a economia, emprego e a renda da nossa cidade\u201d, avaliou. Voltando a falar sobre o evento de inaugura\u00e7\u00e3o para convidados, a cerim\u00f4nia conduzida por Marcelo Pimenta contou com a apresenta\u00e7\u00e3o de m\u00fasicos do Quarteto Capital, e que embalou a degusta\u00e7\u00e3o dos vinhos da Vin\u00edcola Bras\u00edlia, servidos pelos pr\u00f3prios s\u00f3cios, com direito a um buffet assinado pela Sweet Cake. J\u00e1 no dia seguinte (21\/04), a Vin\u00edcola realizou a sua primeira experi\u00eancia para o p\u00fablico, com degusta\u00e7\u00e3o e tour pelo espa\u00e7o. Inclusive, clique aqui e assista ao Reels onde voc\u00ea v\u00ea um panorama geral do lugar e da festa de inaugura\u00e7\u00e3o. E claro, confira abaixo, mais cliques by Fernanda Coutinho de quem passou por l\u00e1 e pode participar desse dia hist\u00f3rico, um presente para Bras\u00edlia nos seus 64 anos. Ana Triacca, Ronaldo Triacca Sergio Lima e Sandra Cenci Partiu sair #PERAMBULANDO at\u00e9 l\u00e1? Vin\u00edcola Bras\u00edlia \/ PAD\/DF, BR-251, KM 07 \/ Siga @vinicolabrasilia Fotos: Fernanda Coutinho \/ Divulga\u00e7\u00e3o"}