{"version":"1.0","provider_name":"LACKMAN &amp; CO.","provider_url":"https:\/\/lackman.com.br","author_name":"Gilberto Evangelista - Colunista","author_url":"https:\/\/lackman.com.br\/index.php\/author\/gilberto-brito\/","title":"Click: Bras\u00edlia pelas lentes de Edu Vergara - LACKMAN &amp; CO.","type":"rich","width":600,"height":338,"html":"<blockquote class=\"wp-embedded-content\" data-secret=\"OVp7e5KXcb\"><a href=\"https:\/\/lackman.com.br\/index.php\/2024\/01\/30\/click-brasilia-vista-de-outra-maneira\/\">Click: Bras\u00edlia pelas lentes de Edu Vergara<\/a><\/blockquote><iframe sandbox=\"allow-scripts\" security=\"restricted\" src=\"https:\/\/lackman.com.br\/index.php\/2024\/01\/30\/click-brasilia-vista-de-outra-maneira\/embed\/#?secret=OVp7e5KXcb\" width=\"600\" height=\"338\" title=\"&#8220;Click: Bras\u00edlia pelas lentes de Edu Vergara&#8221; &#8212; LACKMAN &amp; CO.\" data-secret=\"OVp7e5KXcb\" frameborder=\"0\" marginwidth=\"0\" marginheight=\"0\" scrolling=\"no\" class=\"wp-embedded-content\"><\/iframe><script>\n\/*! This file is auto-generated *\/\n!function(d,l){\"use strict\";l.querySelector&&d.addEventListener&&\"undefined\"!=typeof URL&&(d.wp=d.wp||{},d.wp.receiveEmbedMessage||(d.wp.receiveEmbedMessage=function(e){var t=e.data;if((t||t.secret||t.message||t.value)&&!\/[^a-zA-Z0-9]\/.test(t.secret)){for(var s,r,n,a=l.querySelectorAll('iframe[data-secret=\"'+t.secret+'\"]'),o=l.querySelectorAll('blockquote[data-secret=\"'+t.secret+'\"]'),c=new RegExp(\"^https?:$\",\"i\"),i=0;i<o.length;i++)o[i].style.display=\"none\";for(i=0;i<a.length;i++)s=a[i],e.source===s.contentWindow&&(s.removeAttribute(\"style\"),\"height\"===t.message?(1e3<(r=parseInt(t.value,10))?r=1e3:~~r<200&&(r=200),s.height=r):\"link\"===t.message&&(r=new URL(s.getAttribute(\"src\")),n=new URL(t.value),c.test(n.protocol))&&n.host===r.host&&l.activeElement===s&&(d.top.location.href=t.value))}},d.addEventListener(\"message\",d.wp.receiveEmbedMessage,!1),l.addEventListener(\"DOMContentLoaded\",function(){for(var e,t,s=l.querySelectorAll(\"iframe.wp-embedded-content\"),r=0;r<s.length;r++)(t=(e=s[r]).getAttribute(\"data-secret\"))||(t=Math.random().toString(36).substring(2,12),e.src+=\"#?secret=\"+t,e.setAttribute(\"data-secret\",t)),e.contentWindow.postMessage({message:\"ready\",secret:t},\"*\")},!1)))}(window,document);\n\/\/# sourceURL=https:\/\/lackman.com.br\/wp-includes\/js\/wp-embed.min.js\n<\/script>\n","thumbnail_url":"http:\/\/lackman.com.br\/wp-content\/uploads\/2024\/01\/Angularis2.jpg","thumbnail_width":992,"thumbnail_height":643,"description":"Exposi\u00e7\u00e3o traz um olhar inusitado para cart\u00f5es-postais ic\u00f4nicos e cenas cotidianas da capital federal &nbsp; Esta n\u00e3o \u00e9 uma mat\u00e9ria, na verdade, trata-se de um convite para voc\u00ea sair PERAMBULANDO o quanto antes em dire\u00e7\u00e3o ao Museu de Arte de Bras\u00edlia (MAB) e visitar a exposi\u00e7\u00e3o \u201cBras\u00edlia Angularis &#8211; Voc\u00ea nunca viu Bras\u00edlia por esses \u00e2ngulos\u201d. Afinal, a mostra est\u00e1 em cartaz somente at\u00e9 o dia 19 de fevereiro, ou seja, acaba muito em breve.\u00a0Reunindo mais de 50 imagens, a colet\u00e2nea \u00e9 de autoria do fot\u00f3grafo Edu Vergara que se lan\u00e7ou ao desafio de retratar a natureza e a arquitetura da cidade por \u00e2ngulos diversificados em busca de imagens inusitadas e 100% originais. Edu, que tamb\u00e9m \u00e9 idealizador do Festival Internacional de Fotografia Bras\u00edlia Photo Show, destaca que Angularis visa decifrar novos caminhos visuais que a capital tem a oferecer, tanto pelo exuberante Cerrado, quanto pelos tra\u00e7os inquietos e inovadores da sua arquitetura. \u201cQuem n\u00e3o vive Bras\u00edlia diariamente, nem sempre acredita que ela esbanja naturalmente tantos cen\u00e1rios estonteantes. Bras\u00edlia \u00e9 mestre em produzir photoshops sem que haja qualquer interven\u00e7\u00e3o humana nesse processo\u201d, pontua Vergara. Vale lembrar a melhor parte, este \u00e9 um programa gratuito, uma \u00f3tima oportunidade para a fam\u00edlia toda aproveitar a reta final das f\u00e9rias escolares que, coincidentemente, acabam no mesmo dia na rede p\u00fablica de ensino. &nbsp; Para PERAMBULAR por Bras\u00edlia Angularis Museu de Arte de Bras\u00edlia (MAB) \/ SHTN Trecho 1, projeto Orla Polo 03, Lote 05 \/ Todos os dias das 10h \u00e0s 19h \u2013 exceto ter\u00e7as-feiras \/ Gr\u00e1tis \/ Livre &nbsp; Fotos: Edu Vergara"}